{"id":18849,"date":"2021-04-02T23:11:45","date_gmt":"2021-04-02T21:11:45","guid":{"rendered":"https:\/\/conservativeenthusiast.com\/lessons\/sources-2\/"},"modified":"2021-04-10T16:40:26","modified_gmt":"2021-04-10T14:40:26","slug":"sources-2","status":"publish","type":"mpcs-lesson","link":"https:\/\/conservativenthusiast.com\/en\/formations\/histoire-de-france-le-roman-national\/lessons\/sources-2\/","title":{"rendered":"Sources"},"content":{"rendered":"<p class=\"has-text-align-justify\">Cette conf\u00e9rence est bas\u00e9 sur la trame dites du &#8220;roman national&#8221; \u00e9tablit par le c\u00e9l\u00e8bre historien <a href=\"https:\/\/fr.wikipedia.org\/wiki\/Ernest_Lavisse\" target=\"_blank\" rel=\"noreferrer noopener\">Ernest Lavisse<\/a>.<\/p>\n\n\n\n<p class=\"has-text-align-justify\">Sa version tr\u00e8s simplifi\u00e9 et p\u00e9dagogue contenu dans son manuel de l&#8217;histoire de France, fut la bible des g\u00e9n\u00e9rations d&#8217;\u00e9coliers et d&#8217;instituteurs de la IIIe R\u00e9publique. Ce classique paru en 1913 est le socle de connaissances qui fut donn\u00e9 \u00e0 tous les fran\u00e7ais et qui eut pour objectif principal non pas de chercher la v\u00e9racit\u00e9 historique \u00e0 tout prix mais tout simplement de faire aimer l&#8217;histoire de France.<\/p>\n\n\n\n<p>Ce livre est toujours accessible et r\u00e9\u00e9dit\u00e9 en plusieurs versions. Vous pouvez vous le procurer ici :<\/p>\n\n\n\n<figure class=\"wp-block-embed is-type-rich is-provider-amazon wp-block-embed-amazon\"><div class=\"wp-block-embed__wrapper\">\n<span class=\"8vDXGNsPhbFmiWHuMAJ6CS1qcd9ekjtR\"><iframe title=\"Histoire de France - De la Gaule \u00e0 nos jours: De la Gaule \u00e0 nos jours\" type=\"text\/html\" width=\"1080\" height=\"550\" frameborder=\"0\" allowfullscreen style=\"max-width:100%\" src=\"https:\/\/lire.amazon.fr\/kp\/card?preview=inline&#038;linkCode=kpd&#038;ref_=k4w_oembed_KQ1Okrwrjfguy8&#038;asin=2200600151&#038;tag=kpembed-20\"><\/iframe><\/span>\n<\/div><\/figure>\n\n\n\n<h2 class=\"wp-block-heading\"><span class=\"has-inline-color has-black-color\">Vid\u00e9o que nous vous recommandons fortement en compl\u00e9ment :<\/span><\/h2>\n\n\n\n<figure class=\"wp-block-embed is-type-video is-provider-youtube wp-block-embed-youtube wp-embed-aspect-16-9 wp-has-aspect-ratio\"><div class=\"wp-block-embed__wrapper\">\n<span class=\"OxdKjgJlNqpPr52RuZLUhyFHT39o\"><div class=\"responsive-video\"><iframe title=\"Fran\u00e7ais n&#039;oublie jamais ce que tu es !\" width=\"1080\" height=\"608\" src=\"https:\/\/www.youtube.com\/embed\/Cdd7nIwZZD0?feature=oembed\"  allow=\"accelerometer; autoplay; clipboard-write; encrypted-media; gyroscope; picture-in-picture\" allowfullscreen><\/iframe><\/div><\/span>\n<\/div><\/figure>\n\n\n\n<h2 class=\"wp-block-heading\"><span class=\"has-inline-color has-black-color\">Pour aller plus loin :<\/span><\/h2>\n\n\n\n<h3 class=\"wp-block-heading\"><strong><span class=\"has-inline-color has-black-color\">La Gaule :<\/span><\/strong><\/h3>\n\n\n\n<p><a href=\"https:\/\/fr.wikipedia.org\/wiki\/Gaule\" target=\"_blank\" rel=\"noreferrer noopener\">Les bases sur la Gaule<\/a><\/p>\n\n\n\n<p><a href=\"http:\/\/www.cosmovisions.com\/histGaule.htm\" target=\"_blank\" rel=\"noreferrer noopener\">Tous les d\u00e9tails sur la Gaule et sa transformation progressive en la France<\/a><\/p>\n\n\n\n<p><a href=\"https:\/\/www.herodote.net\/La_Gaule_et_les_Gaulois_avant_Cesar-synthese-426.php\" target=\"_blank\" rel=\"noreferrer noopener\">La Gaule avant C\u00e9sar<\/a><\/p>\n\n\n\n<p><a href=\"https:\/\/www.lhistoire.fr\/carte\/la-gaule-un-espace-connect%C3%A9\" target=\"_blank\" rel=\"noreferrer noopener\">Les dates cl\u00e9s de la Gaule<\/a><\/p>\n\n\n\n<h3 class=\"wp-block-heading\"><span class=\"has-inline-color has-black-color\">Vercing\u00e9torix :<\/span><\/h3>\n\n\n\n<p><a href=\"https:\/\/fr.wikipedia.org\/wiki\/Vercing%C3%A9torix\" target=\"_blank\" rel=\"noreferrer noopener\">Les bases sur Vercing\u00e9torix<\/a><\/p>\n\n\n\n<h3 class=\"wp-block-heading\"><span class=\"has-inline-color has-black-color\">Culture Gallo Romaine :<\/span><\/h3>\n\n\n\n<p><a href=\"https:\/\/fr.wikipedia.org\/wiki\/Culture_gallo-romaine\" target=\"_blank\" rel=\"noreferrer noopener\">Les bases de la culture gallo romaine<\/a><\/p>\n\n\n\n<h3 class=\"wp-block-heading\"><span class=\"has-inline-color has-black-color\">Les Francs :<\/span><\/h3>\n\n\n\n<p><a href=\"https:\/\/fr.wikipedia.org\/wiki\/Francs\" target=\"_blank\" rel=\"noreferrer noopener\">Les bases<\/a><\/p>\n\n\n\n<p><a href=\"https:\/\/fr.wikipedia.org\/wiki\/Royaumes_francs\" target=\"_blank\" rel=\"noreferrer noopener\">Les royaumes Francs<\/a><\/p>\n\n\n\n<p><a href=\"https:\/\/www.histoiredumonde.net\/Francs.html\" target=\"_blank\" rel=\"noreferrer noopener\">Les francs, peuple germanique diversifi\u00e9<\/a><\/p>\n\n\n\n<figure class=\"wp-block-embed is-type-video is-provider-youtube wp-block-embed-youtube wp-embed-aspect-16-9 wp-has-aspect-ratio\"><div class=\"wp-block-embed__wrapper\">\n<span class=\"d9FHQLXKSPMwba1RN3urEfpZi0WBUx8CoztD7gV4cmO62lAGqneYskJIT5vh\"><div class=\"responsive-video\"><iframe title=\"La naissance des royaumes francs et la fin de l&#039;Empire romain d&#039;occident\" width=\"1080\" height=\"608\" src=\"https:\/\/www.youtube.com\/embed\/FJQbOZcqomQ?feature=oembed\"  allow=\"accelerometer; autoplay; clipboard-write; encrypted-media; gyroscope; picture-in-picture\" allowfullscreen><\/iframe><\/div><\/span>\n<\/div><figcaption>La naissance des Royaumes Francs<\/figcaption><\/figure>\n\n\n\n<p><\/p>\n\n\n\n<h3 class=\"wp-block-heading\"><span class=\"has-inline-color has-black-color\">Clovis :<\/span><\/h3>\n\n\n\n<p><a href=\"https:\/\/fr.wikipedia.org\/wiki\/Clovis_Ier\" target=\"_blank\" rel=\"noreferrer noopener\">Les bases<\/a><\/p>\n\n\n\n<p><a href=\"https:\/\/fr.wikipedia.org\/wiki\/Clotilde_(femme_de_Clovis)\" target=\"_blank\" rel=\"noreferrer noopener\">Clotilde, femme de Clovis<\/a><\/p>\n\n\n\n<p><a href=\"https:\/\/www.franceinter.fr\/emissions\/autant-en-emporte-l-histoire\/autant-en-emporte-l-histoire-01-novembre-2020\" target=\"_blank\" rel=\"noreferrer noopener\">La l\u00e9gende de Clovis et Clotilde<\/a><\/p>\n\n\n\n<h3 class=\"wp-block-heading\"><span class=\"has-inline-color has-black-color\">Empire de Charlemagne :<\/span><\/h3>\n\n\n\n<p><a href=\"https:\/\/fr.wikipedia.org\/wiki\/Charlemagne\" target=\"_blank\" rel=\"noreferrer noopener\">Les bases<\/a><\/p>\n\n\n\n<p><a href=\"https:\/\/www.linternaute.fr\/actualite\/biographie\/1776080-charlemagne-biographie-courte-dates-citations\/\" target=\"_blank\" rel=\"noreferrer noopener\">Biographie et dates cl\u00e9s<\/a><\/p>\n\n\n\n<p><a href=\"http:\/\/www.histoire-france.net\/moyen\/charlemagne\" target=\"_blank\" rel=\"noreferrer noopener\">La vie de Charlemagne<\/a><\/p>\n\n\n\n<h3 class=\"wp-block-heading\"><span class=\"has-inline-color has-black-color\">Les vikings :<\/span><\/h3>\n\n\n\n<p><a href=\"https:\/\/fr.wikipedia.org\/wiki\/Raids_vikings_en_France\" target=\"_blank\" rel=\"noreferrer noopener\">Les raids vikings en France<\/a><\/p>\n\n\n\n<p><a href=\"https:\/\/fr.wikipedia.org\/wiki\/Chronologie_des_invasions_vikings\" target=\"_blank\" rel=\"noreferrer noopener\">Chronologie des invasions vikings<\/a><\/p>\n\n\n\n<p><a href=\"https:\/\/fr.wikipedia.org\/wiki\/Si%C3%A8ge_de_Paris_(845)\" target=\"_blank\" rel=\"noreferrer noopener\">Si\u00e8ge de Paris<\/a><\/p>\n\n\n\n<h3 class=\"wp-block-heading\"><span class=\"has-inline-color has-black-color\">Rollon et la Normandie :<\/span><\/h3>\n\n\n\n<p><a href=\"https:\/\/fr.wikipedia.org\/wiki\/Rollon\" target=\"_blank\" rel=\"noreferrer noopener\">Les bases<\/a><\/p>\n\n\n\n<p><a href=\"https:\/\/www.histoire-normandie.fr\/rollon-et-la-naissance-de-la-normandie\" target=\"_blank\" rel=\"noreferrer noopener\">Rollon et la naissance de la Normandie<\/a><\/p>\n\n\n\n<h3 class=\"wp-block-heading\"><span class=\"has-inline-color has-black-color\">Guillaume le Conqu\u00e9rant :<\/span><\/h3>\n\n\n\n<p><a href=\"https:\/\/fr.wikipedia.org\/wiki\/Guillaume_le_Conqu%C3%A9rant\" target=\"_blank\" rel=\"noreferrer noopener\">Les bases<\/a><\/p>\n\n\n\n<p><a href=\"http:\/\/www.lafabuleuseepopee.com\/guillaume-le-conquerant\/\" target=\"_blank\" rel=\"noreferrer noopener\">Les grandes lignes de sa vie<\/a><\/p>\n\n\n\n<p><a href=\"https:\/\/www.bayeuxmuseum.com\/la-tapisserie-de-bayeux\/decouvrir-la-tapisserie-de-bayeux\/guillaume-le-conquerant\/\" target=\"_blank\" rel=\"noreferrer noopener\">La tapisserie de Bayeux<\/a><\/p>\n\n\n\n<p><a href=\"https:\/\/www.histoire-normandie.fr\/la-conquete-de-langleterre\" target=\"_blank\" rel=\"noreferrer noopener\">La conqu\u00eate de l&#8217;Angleterre<\/a><\/p>\n\n\n\n<h3 class=\"wp-block-heading\"><span class=\"has-inline-color has-black-color\">L&#8217;\u00e9mergence du ch\u00e2teau fort :<\/span><\/h3>\n\n\n\n<p><a href=\"https:\/\/fr.wikipedia.org\/wiki\/Ch%C3%A2teau_fort\" target=\"_blank\" rel=\"noreferrer noopener\">Les bases<\/a><\/p>\n\n\n\n<p><a href=\"https:\/\/www.moyenagepassion.com\/index.php\/2016\/03\/22\/def-histoire-de-chateaux-forts-techniques-de-siege-medievales-2-du-bois-vers-la-pierre\/\" target=\"_blank\" rel=\"noreferrer noopener\">Histoire des ch\u00e2teaux forts<\/a><\/p>\n\n\n\n<h3 class=\"wp-block-heading\"><span class=\"has-inline-color has-black-color\">La chevalerie :<\/span><\/h3>\n\n\n\n<p><a href=\"https:\/\/fr.wikipedia.org\/wiki\/Chevalerie\" target=\"_blank\" rel=\"noreferrer noopener\">Les bases<\/a><\/p>\n\n\n\n<p><a href=\"http:\/\/www.cosmovisions.com\/chevalerie.htm\" target=\"_blank\" rel=\"noreferrer noopener\">Les d\u00e9tails<\/a><\/p>\n\n\n\n<h3 class=\"wp-block-heading\"><span class=\"has-inline-color has-black-color\">Les croisades :<\/span><\/h3>\n\n\n\n<p><a href=\"https:\/\/fr.wikipedia.org\/wiki\/Croisade\" target=\"_blank\" rel=\"noreferrer noopener\">Les bases<\/a><\/p>\n\n\n\n<p><a href=\"http:\/\/www.histoire-france.net\/moyen\/croisades\" target=\"_blank\" rel=\"noreferrer noopener\">Les 9 croisades<\/a><\/p>\n\n\n\n<figure class=\"wp-block-embed is-type-video is-provider-youtube wp-block-embed-youtube wp-embed-aspect-16-9 wp-has-aspect-ratio\"><div class=\"wp-block-embed__wrapper\">\n<span class=\"tVM6gE\"><div class=\"responsive-video\"><iframe title=\"Quelles sont les grandes e\u0301tapes de la premie\u0300re croisade ? [QdH#21]\" width=\"1080\" height=\"608\" src=\"https:\/\/www.youtube.com\/embed\/6D_ZCloXMP8?feature=oembed\"  allow=\"accelerometer; autoplay; clipboard-write; encrypted-media; gyroscope; picture-in-picture\" allowfullscreen><\/iframe><\/div><\/span>\n<\/div><\/figure>\n\n\n\n<p><a href=\"https:\/\/www.radiocourtoisie.fr\/1999\/07\/07\/libre-journal-de-serge-de-beketch-du-7-juillet-1999-commentaires-de-lactualite-africaine-quelques-livres-dhistoire-la-premiere-croisade\/\" target=\"_blank\" rel=\"noreferrer noopener\">Les croisades vues d&#8217;un autre \u0153il <\/a><\/p>\n\n\n\n<h3 class=\"wp-block-heading\"><span class=\"has-inline-color has-black-color\">Hugues Capet :<\/span><\/h3>\n\n\n\n<p><a href=\"https:\/\/fr.wikipedia.org\/wiki\/Hugues_Capet\" target=\"_blank\" rel=\"noreferrer noopener\">Les bases<\/a><\/p>\n\n\n\n<p><a href=\"https:\/\/www.herodote.net\/1er_juillet_987-evenement-9870701.php\" target=\"_blank\" rel=\"noreferrer noopener\">De l&#8217;\u00e9lection \u00e0 l&#8217;h\u00e9r\u00e9dit\u00e9<\/a><\/p>\n\n\n\n<h3 class=\"wp-block-heading\"><span class=\"has-inline-color has-black-color\">Louis VI le gros :<\/span><\/h3>\n\n\n\n<p><a href=\"https:\/\/fr.wikipedia.org\/wiki\/Louis_VI_le_Gros\" target=\"_blank\" rel=\"noreferrer noopener\">Les bases<\/a><\/p>\n\n\n\n<p><a href=\"https:\/\/www.herodote.net\/Aux_origines_de_la_nation_francaise-synthese-94.php\" target=\"_blank\" rel=\"noreferrer noopener\">Bon vivant et bagarreur<\/a><\/p>\n\n\n\n<h3 class=\"wp-block-heading\"><span class=\"has-inline-color has-black-color\">Philippe Auguste :<\/span><\/h3>\n\n\n\n<p><a href=\"https:\/\/fr.wikipedia.org\/wiki\/Philippe_II_Auguste\" target=\"_blank\" rel=\"noreferrer noopener\">Les bases<\/a><\/p>\n\n\n\n<p><a href=\"https:\/\/www.herodote.net\/L_inventeur_de_la_nation_francaise-synthese-436.php\" target=\"_blank\" rel=\"noreferrer noopener\">L&#8217;inventeur de la nation fran\u00e7aise<\/a><\/p>\n\n\n\n<p><a href=\"https:\/\/www.lhistoire.fr\/philippe-auguste-le-roi-chanceux\" target=\"_blank\" rel=\"noreferrer noopener\">Le roi chanceux<\/a><\/p>\n\n\n\n<p><a href=\"https:\/\/www.geo.fr\/histoire\/qui-etait-philippe-auguste-le-premier-roi-de-france-202377\" target=\"_blank\" rel=\"noreferrer noopener\">Qui \u00e9tait Philippe Auguste ?<\/a><\/p>\n\n\n\n<p><a href=\"http:\/\/www.histoire-france.net\/moyen\/philippe-auguste\" target=\"_blank\" rel=\"noreferrer noopener\">Les grandes lignes de sa vie<\/a><\/p>\n\n\n\n<p>Saint Louis :<\/p>\n\n\n\n<p><a href=\"https:\/\/fr.wikipedia.org\/wiki\/Louis_IX\" target=\"_blank\" rel=\"noreferrer noopener\">Les bases<\/a><\/p>\n\n\n\n<p><a href=\"https:\/\/www.herodote.net\/L_apogee_de_la_France_capetienne-synthese-145.php\" target=\"_blank\" rel=\"noreferrer noopener\">Le roi saint<\/a><\/p>\n\n\n\n<figure class=\"wp-block-embed is-type-video is-provider-youtube wp-block-embed-youtube wp-embed-aspect-16-9 wp-has-aspect-ratio\"><div class=\"wp-block-embed__wrapper\">\n<span class=\"FUI7sPQpA0RwWcyg9eX4vz\"><div class=\"responsive-video\"><iframe title=\"Secrets d&#039;Histoire - Saint Louis, sur la terre comme au ciel (Int\u00e9grale)\" width=\"1080\" height=\"608\" src=\"https:\/\/www.youtube.com\/embed\/7XnBWaSO_hs?feature=oembed\"  allow=\"accelerometer; autoplay; clipboard-write; encrypted-media; gyroscope; picture-in-picture\" allowfullscreen><\/iframe><\/div><\/span>\n<\/div><figcaption>Secrets d&#8217;Histoire &#8211; Saint Louis<\/figcaption><\/figure>\n\n\n\n<figure class=\"wp-block-embed is-type-rich is-provider-amazon wp-block-embed-amazon\"><div class=\"wp-block-embed__wrapper\">\n<span class=\"XgJYoUQVOWjLVv9ZD7CPvyTgdokeREia18caSzH0GJMtRWTIK1Lp3X5rqNFmx4I2uqYQsyfe6\"><iframe title=\"Le roman de saint Louis\" type=\"text\/html\" width=\"1080\" height=\"550\" frameborder=\"0\" allowfullscreen style=\"max-width:100%\" src=\"https:\/\/lire.amazon.fr\/kp\/card?preview=inline&#038;linkCode=kpd&#038;ref_=k4w_oembed_oGgNgwHAxIgFiS&#038;asin=2268102777&#038;tag=kpembed-20\"><\/iframe><\/span>\n<\/div><\/figure>\n\n\n\n<h3 class=\"wp-block-heading\"><span class=\"has-inline-color has-black-color\">La Guerre de Cent Ans :<\/span><\/h3>\n\n\n\n<p><a href=\"https:\/\/fr.wikipedia.org\/wiki\/Guerre_de_Cent_Ans\" target=\"_blank\" rel=\"noreferrer noopener\">Les bases<\/a><\/p>\n\n\n\n<p><a href=\"http:\/\/www.histoire-france.net\/moyen\/guerre-cent-ans\" target=\"_blank\" rel=\"noreferrer noopener\">Les d\u00e9tails<\/a><\/p>\n\n\n\n<p><a href=\"https:\/\/www.lefigaro.fr\/histoire\/2017\/10\/06\/26001-20171006ARTFIG00284-la-guerre-de-cent-ans-en-5-dates.php\" target=\"_blank\" rel=\"noreferrer noopener\">5 dates cl\u00e9s<\/a><\/p>\n\n\n\n<p><\/p>\n\n\n\n<figure class=\"wp-block-embed is-type-video is-provider-youtube wp-block-embed-youtube wp-embed-aspect-16-9 wp-has-aspect-ratio\"><div class=\"wp-block-embed__wrapper\">\n<span class=\"RCIBAOaoezsuf1lJcF5NbV\"><div class=\"responsive-video\"><iframe title=\"Quelles sont les causes de la Guerre de Cent ans ? [QdH#08]\" width=\"1080\" height=\"608\" src=\"https:\/\/www.youtube.com\/embed\/9s9qEY80PRA?feature=oembed\"  allow=\"accelerometer; autoplay; clipboard-write; encrypted-media; gyroscope; picture-in-picture\" allowfullscreen><\/iframe><\/div><\/span>\n<\/div><\/figure>\n\n\n\n<figure class=\"wp-block-embed is-type-video is-provider-youtube wp-block-embed-youtube wp-embed-aspect-16-9 wp-has-aspect-ratio\"><div class=\"wp-block-embed__wrapper\">\n<span class=\"2cRwdNp8GTQicw91q3ZkKO5g743AtbGdhXRoEpH08fMyM97Vax1YBbNKIoSWsJzXxenZyBrLhOs\"><div class=\"responsive-video\"><iframe title=\"La Guerre de Cent Ans\" width=\"1080\" height=\"608\" src=\"https:\/\/www.youtube.com\/embed\/sgLGe1l-V4I?feature=oembed\"  allow=\"accelerometer; autoplay; clipboard-write; encrypted-media; gyroscope; picture-in-picture\" allowfullscreen><\/iframe><\/div><\/span>\n<\/div><\/figure>\n\n\n\n<figure class=\"wp-block-embed is-type-video is-provider-youtube wp-block-embed-youtube wp-embed-aspect-16-9 wp-has-aspect-ratio\"><div class=\"wp-block-embed__wrapper\">\n<span class=\"NDnyTI9hOGxaF70ECWPBQM\"><div class=\"responsive-video\"><iframe title=\"Comprendre la GUERRE DE CENT ANS en 5 minutes !\" width=\"1080\" height=\"608\" src=\"https:\/\/www.youtube.com\/embed\/O5b8dXUJRUk?feature=oembed\"  allow=\"accelerometer; autoplay; clipboard-write; encrypted-media; gyroscope; picture-in-picture\" allowfullscreen><\/iframe><\/div><\/span>\n<\/div><\/figure>\n\n\n\n<p><\/p>\n\n\n\n<h3 class=\"wp-block-heading\"><span class=\"has-inline-color has-black-color\">Bertrand du Guesclin :<\/span><\/h3>\n\n\n\n<p><a href=\"https:\/\/fr.wikipedia.org\/wiki\/Bertrand_du_Guesclin\" target=\"_blank\" rel=\"noreferrer noopener\">Les bases<\/a><\/p>\n\n\n\n<p><a href=\"http:\/\/www.infobretagne.com\/duguesclin.htm\" target=\"_blank\" rel=\"noreferrer noopener\">Sa vie dans les grandes lignes<\/a><\/p>\n\n\n\n<p><\/p>\n\n\n\n<h3 class=\"wp-block-heading\"><span class=\"has-inline-color has-black-color\">Jeanne d&#8217;Arc :<\/span><\/h3>\n\n\n\n<p><\/p>\n\n\n\n<figure class=\"wp-block-embed is-type-video is-provider-youtube wp-block-embed-youtube wp-embed-aspect-16-9 wp-has-aspect-ratio\"><div class=\"wp-block-embed__wrapper\">\n<span class=\"RznQFWmBxJLL4JAPutj0u5vd3kPBUCqX2FcMStNZ7Kb9DlTV5TaYXgf7EnGmeNWfjy1AVrUze4GrQR0dMH8wcEC81DSkqIYvx\"><div class=\"responsive-video\"><iframe title=\"Comprendre l&#039;\u00e9pop\u00e9e de Jeanne d&#039;Arc en 5 minutes !\" width=\"1080\" height=\"608\" src=\"https:\/\/www.youtube.com\/embed\/RPd8Y5caPYI?feature=oembed\"  allow=\"accelerometer; autoplay; clipboard-write; encrypted-media; gyroscope; picture-in-picture\" allowfullscreen><\/iframe><\/div><\/span>\n<\/div><\/figure>\n\n\n\n<figure class=\"wp-block-embed is-type-video is-provider-youtube wp-block-embed-youtube wp-embed-aspect-16-9 wp-has-aspect-ratio\"><div class=\"wp-block-embed__wrapper\">\n<span class=\"OqsmcnELNFY8cKdUwmuWo7zYLI7CH4fiqeeztpN8ZuWrl0hJBS0Jx4OPGpZ13kIjdg5U2yMiwSCvHKkjv6MPVRA23DFhVTXs1nBb\"><div class=\"responsive-video\"><iframe title=\"Jeanne d&#039;Arc ou Greta Thunberg?\" width=\"1080\" height=\"608\" src=\"https:\/\/www.youtube.com\/embed\/-zCT1pcJ6ho?feature=oembed\"  allow=\"accelerometer; autoplay; clipboard-write; encrypted-media; gyroscope; picture-in-picture\" allowfullscreen><\/iframe><\/div><\/span>\n<\/div><\/figure>\n\n\n\n<figure class=\"wp-block-embed is-type-video is-provider-youtube wp-block-embed-youtube wp-embed-aspect-16-9 wp-has-aspect-ratio\"><div class=\"wp-block-embed__wrapper\">\n<span class=\"WrnbJx8s2gqZU4CdKuF\"><div class=\"responsive-video\"><iframe title=\"Jeanne d&#039;Arc Histoire ou Mythe - Histoire de France\" width=\"1080\" height=\"608\" src=\"https:\/\/www.youtube.com\/embed\/Qvai2MlIa9o?feature=oembed\"  allow=\"accelerometer; autoplay; clipboard-write; encrypted-media; gyroscope; picture-in-picture\" allowfullscreen><\/iframe><\/div><\/span>\n<\/div><\/figure>\n\n\n\n<figure class=\"wp-block-embed is-type-rich is-provider-amazon wp-block-embed-amazon\"><div class=\"wp-block-embed__wrapper\">\n<span class=\"m7NqxVG4LnZ5HjQ0EjPBol64Mrhuxzh3CF9yMJYEs2RkbLdDtwaTfcK0ZUyRCmNPYFIHATBQGXb8o\"><iframe title=\"Le Roman de Jeanne d&#039;Arc\" type=\"text\/html\" width=\"1080\" height=\"550\" frameborder=\"0\" allowfullscreen style=\"max-width:100%\" src=\"https:\/\/lire.amazon.fr\/kp\/card?preview=inline&#038;linkCode=kpd&#038;ref_=k4w_oembed_Z2zxWk9jPikGee&#038;asin=222631234X&#038;tag=kpembed-20\"><\/iframe><\/span>\n<\/div><\/figure>\n\n\n\n<figure class=\"wp-block-embed is-type-video is-provider-youtube wp-block-embed-youtube wp-embed-aspect-16-9 wp-has-aspect-ratio\"><div class=\"wp-block-embed__wrapper\">\n<span class=\"NXPGfK4x6D1rAzZQOCJFUtM3v9sSVIpagy7ju85W02dbLmcHYqo\"><div class=\"responsive-video\"><iframe title=\"L&#039;\u00e9pop\u00e9e miraculeuse de Jeanne d&#039;Arc\" width=\"1080\" height=\"608\" src=\"https:\/\/www.youtube.com\/embed\/4AShylNlYLU?feature=oembed\"  allow=\"accelerometer; autoplay; clipboard-write; encrypted-media; gyroscope; picture-in-picture\" allowfullscreen><\/iframe><\/div><\/span>\n<\/div><\/figure>\n\n\n\n<h3 class=\"wp-block-heading\"><span class=\"has-inline-color has-black-color\">Louis XI :<\/span><\/h3>\n\n\n\n<p><a href=\"https:\/\/fr.wikipedia.org\/wiki\/Louis_XI\" target=\"_blank\" rel=\"noreferrer noopener\">Les bases<\/a><\/p>\n\n\n\n<p><a href=\"http:\/\/www.histoire-france.net\/moyen\/louis11\" target=\"_blank\" rel=\"noreferrer noopener\">Sa vie dans les grandes lignes<\/a><\/p>\n\n\n\n<h3 class=\"wp-block-heading\"><span class=\"has-inline-color has-black-color\">Le chevalier Bayard :<\/span><\/h3>\n\n\n\n<p><a href=\"https:\/\/fr.wikipedia.org\/wiki\/Pierre_Terrail_de_Bayard\" target=\"_blank\" rel=\"noreferrer noopener\">Les bases<\/a><\/p>\n\n\n\n<figure class=\"wp-block-embed is-type-video is-provider-youtube wp-block-embed-youtube wp-embed-aspect-16-9 wp-has-aspect-ratio\"><div class=\"wp-block-embed__wrapper\">\n<span class=\"LwpUQRNiAFKK9J4rehEUBs572SINrWmgx27VfzG6ywkPGTOCulccWqZ8lZs4vDQIEHak8BDAoH\"><div class=\"responsive-video\"><iframe title=\"LE CHEVALIER BAYARD : UN H\u00c9ROS M\u00c9DI\u00c9VAL\" width=\"1080\" height=\"608\" src=\"https:\/\/www.youtube.com\/embed\/gZUH0WeU5Ko?feature=oembed\"  allow=\"accelerometer; autoplay; clipboard-write; encrypted-media; gyroscope; picture-in-picture\" allowfullscreen><\/iframe><\/div><\/span>\n<\/div><\/figure>\n\n\n\n<h3 class=\"wp-block-heading\"><span class=\"has-inline-color has-black-color\">Fran\u00e7ois 1er :<\/span><\/h3>\n\n\n\n<p><a href=\"https:\/\/fr.wikipedia.org\/wiki\/Fran%C3%A7ois_Ier_(roi_de_France)\" target=\"_blank\" rel=\"noreferrer noopener\">Les bases<\/a><\/p>\n\n\n\n<p><a href=\"https:\/\/www.herodote.net\/Le_dernier_roi_chevalier-synthese-198.php\" target=\"_blank\" rel=\"noreferrer noopener\">Le dernier roi-chevalier<\/a><\/p>\n\n\n\n<h3 class=\"wp-block-heading\"><span class=\"has-inline-color has-black-color\">Jacques Cartier :<\/span><\/h3>\n\n\n\n<p><a href=\"https:\/\/fr.wikipedia.org\/wiki\/Jacques_Cartier\" target=\"_blank\" rel=\"noreferrer noopener\">Les bases<\/a><\/p>\n\n\n\n<figure class=\"wp-block-embed is-type-video is-provider-youtube wp-block-embed-youtube wp-embed-aspect-16-9 wp-has-aspect-ratio\"><div class=\"wp-block-embed__wrapper\">\n<span class=\"Mv1ksAZTBU4OqEbQjowIgFVDNrt6am2JX9RfHz3Li\"><div class=\"responsive-video\"><iframe title=\"Au c\u0153ur de l&#039;histoire: Jacques Cartier et la d\u00e9couverte du Canada (Franck Ferrand)\" width=\"1080\" height=\"608\" src=\"https:\/\/www.youtube.com\/embed\/Ls6-vkHlJUc?feature=oembed\"  allow=\"accelerometer; autoplay; clipboard-write; encrypted-media; gyroscope; picture-in-picture\" allowfullscreen><\/iframe><\/div><\/span>\n<\/div><\/figure>\n\n\n\n<figure class=\"wp-block-embed is-type-video is-provider-youtube wp-block-embed-youtube wp-embed-aspect-16-9 wp-has-aspect-ratio\"><div class=\"wp-block-embed__wrapper\">\n<span class=\"yVLcQ3W2PSemrXRnKGh6UHxgBkz5adYu9Zlp1\"><div class=\"responsive-video\"><iframe title=\"Jacques Cartier - un breton d\u00e9couvre le Canada\" width=\"1080\" height=\"608\" src=\"https:\/\/www.youtube.com\/embed\/hfrKK9Y7gG4?feature=oembed\"  allow=\"accelerometer; autoplay; clipboard-write; encrypted-media; gyroscope; picture-in-picture\" allowfullscreen><\/iframe><\/div><\/span>\n<\/div><\/figure>\n\n\n\n<h3 class=\"wp-block-heading\"><span class=\"has-inline-color has-black-color\">La Nouvelle France :<\/span><\/h3>\n\n\n\n<p><a href=\"https:\/\/fr.wikipedia.org\/wiki\/Nouvelle-France\" target=\"_blank\" rel=\"noreferrer noopener\">Les bases<\/a><\/p>\n\n\n\n<figure class=\"wp-block-embed is-type-video is-provider-youtube wp-block-embed-youtube wp-embed-aspect-16-9 wp-has-aspect-ratio\"><div class=\"wp-block-embed__wrapper\">\n<span class=\"cEeKH0j2X4GsTVWpDw6TJduqZzPBntAegpxoQaq5Q8MIURvca4od796fSCN7UzYfFhJVhlZ1HSv3tgkjr90xW\"><div class=\"responsive-video\"><iframe title=\"Au c\u0153ur de l&#039;Histoire: La Nouvelle-France (Franck Ferrand)\" width=\"1080\" height=\"608\" src=\"https:\/\/www.youtube.com\/embed\/cgJcXAMT_6s?feature=oembed\"  allow=\"accelerometer; autoplay; clipboard-write; encrypted-media; gyroscope; picture-in-picture\" allowfullscreen><\/iframe><\/div><\/span>\n<\/div><\/figure>\n\n\n\n<figure class=\"wp-block-embed is-type-video is-provider-youtube wp-block-embed-youtube wp-embed-aspect-16-9 wp-has-aspect-ratio\"><div class=\"wp-block-embed__wrapper\">\n<span class=\"QL2Bf8UaKpTcFZ136smfCbRnl5iY6dDSNJqSVoIMNWKx3XOYb9qMtLFe4RtEBEdPOljwumgUAZePa8vJz7GvkVD\"><div class=\"responsive-video\"><iframe title=\"La Petite Histoire : La France a-t-elle pill\u00e9 ses colonies ?\" width=\"1080\" height=\"608\" src=\"https:\/\/www.youtube.com\/embed\/OUMgL_kI2G4?feature=oembed\"  allow=\"accelerometer; autoplay; clipboard-write; encrypted-media; gyroscope; picture-in-picture\" allowfullscreen><\/iframe><\/div><\/span>\n<\/div><\/figure>\n\n\n\n<h3 class=\"wp-block-heading\"><span class=\"has-inline-color has-black-color\">Conflits entre catholiques et protestants :<\/span><\/h3>\n\n\n\n<p><a href=\"https:\/\/fr.wikipedia.org\/wiki\/Huguenot#:~:text=Les%20huguenots%20sont%20les%20protestants,en%20conflit%20avec%20les%20catholiques.\" target=\"_blank\" rel=\"noreferrer noopener\">Les huguenots<\/a><\/p>\n\n\n\n<p><a href=\"https:\/\/fr.wikipedia.org\/wiki\/Massacre_de_la_Saint-Barth%C3%A9lemy\" target=\"_blank\" rel=\"noreferrer noopener\">Le Massacre de la Saint-Barth\u00e9lemy<\/a><\/p>\n\n\n\n<figure class=\"wp-block-embed is-type-video is-provider-youtube wp-block-embed-youtube wp-embed-aspect-16-9 wp-has-aspect-ratio\"><div class=\"wp-block-embed__wrapper\">\n<span class=\"h2aVsyfJC8ARKWu\"><div class=\"responsive-video\"><iframe title=\"Qui est responsable du massacre de la St Barthe\u0301lemy ? [Questions d&#039;Histoire #03]\" width=\"1080\" height=\"608\" src=\"https:\/\/www.youtube.com\/embed\/J3-OobrDHfA?feature=oembed\"  allow=\"accelerometer; autoplay; clipboard-write; encrypted-media; gyroscope; picture-in-picture\" allowfullscreen><\/iframe><\/div><\/span>\n<\/div><\/figure>\n\n\n\n<h3 class=\"wp-block-heading\"><span class=\"has-inline-color has-black-color\">Richelieu :<\/span><\/h3>\n\n\n\n<p><a href=\"https:\/\/fr.wikipedia.org\/wiki\/Richelieu\" target=\"_blank\" rel=\"noreferrer noopener\">Les bases<\/a><\/p>\n\n\n\n<p><a href=\"https:\/\/www.linternaute.fr\/actualite\/biographie\/1776094-cardinal-de-richelieu-mousquetaires-la-rochelle-la-vraie-biographie-du-ministre-de-louis-xiii\/\" target=\"_blank\" rel=\"noreferrer noopener\">Sa biographie<\/a><\/p>\n\n\n\n<h3 class=\"wp-block-heading\"><span class=\"has-inline-color has-black-color\">Bataille de Rocroi :<\/span><\/h3>\n\n\n\n<p><a href=\"https:\/\/fr.wikipedia.org\/wiki\/Bataille_de_Rocroi\" target=\"_blank\" rel=\"noreferrer noopener\">Les bases<\/a><\/p>\n\n\n\n<p><a href=\"https:\/\/www.herodote.net\/19_mai_1643-evenement-16430519.php\" target=\"_blank\" rel=\"noreferrer noopener\">Le Grand Cond\u00e9 triomphe \u00e0 Rocroi<\/a><\/p>\n\n\n\n<p><a href=\"https:\/\/fr.wikipedia.org\/wiki\/Louis_II_de_Bourbon-Cond%C3%A9\" target=\"_blank\" rel=\"noreferrer noopener\">Le Grand-Cond\u00e9<\/a><\/p>\n\n\n\n<p><a href=\"https:\/\/www.youtube.com\/watch?v=tKhghI0mCZ8\" target=\"_blank\" rel=\"noreferrer noopener\">Quand le Grand Cond\u00e9 humiliait l&#8217;Espagne<\/a><\/p>\n\n\n\n<h3 class=\"wp-block-heading\"><span class=\"has-inline-color has-black-color\">Louis XIV et Versailles :<\/span><\/h3>\n\n\n\n<p><a href=\"https:\/\/fr.wikipedia.org\/wiki\/Louis_XIV\" target=\"_blank\" rel=\"noreferrer noopener\">Les bases<\/a><\/p>\n\n\n\n<figure class=\"wp-block-embed is-type-video is-provider-youtube wp-block-embed-youtube wp-embed-aspect-16-9 wp-has-aspect-ratio\"><div class=\"wp-block-embed__wrapper\">\n<span class=\"QLmDW5OIVYheNgdTq1u7a36\"><div class=\"responsive-video\"><iframe title=\"Au c\u0153ur de l&#039;Histoire: Louis XIV, mythes et r\u00e9alit\u00e9s (Franck Ferrand)\" width=\"1080\" height=\"608\" src=\"https:\/\/www.youtube.com\/embed\/8_Pea-w9b8c?feature=oembed\"  allow=\"accelerometer; autoplay; clipboard-write; encrypted-media; gyroscope; picture-in-picture\" allowfullscreen><\/iframe><\/div><\/span>\n<\/div><\/figure>\n\n\n\n<figure class=\"wp-block-embed is-type-video is-provider-youtube wp-block-embed-youtube wp-embed-aspect-16-9 wp-has-aspect-ratio\"><div class=\"wp-block-embed__wrapper\">\n<span class=\"wxeOY\"><div class=\"responsive-video\"><iframe title=\"La vie des Fran\u00e7ais sous Louis XIV (L Histoire au Quotidien)\" width=\"1080\" height=\"608\" src=\"https:\/\/www.youtube.com\/embed\/UBS9SXGOXsw?feature=oembed\"  allow=\"accelerometer; autoplay; clipboard-write; encrypted-media; gyroscope; picture-in-picture\" allowfullscreen><\/iframe><\/div><\/span>\n<\/div><\/figure>\n\n\n\n<figure class=\"wp-block-embed is-type-video is-provider-youtube wp-block-embed-youtube wp-embed-aspect-16-9 wp-has-aspect-ratio\"><div class=\"wp-block-embed__wrapper\">\n<span class=\"IlemcQndvFyPEzOxVbf0j5oMTuHAhapqU6RDWZwGs7LBgS\"><div class=\"responsive-video\"><iframe title=\"La Petite Histoire \u2013 Le Versailles de Louis XIV\" width=\"1080\" height=\"608\" src=\"https:\/\/www.youtube.com\/embed\/01U0tfrQYD4?feature=oembed\"  allow=\"accelerometer; autoplay; clipboard-write; encrypted-media; gyroscope; picture-in-picture\" allowfullscreen><\/iframe><\/div><\/span>\n<\/div><\/figure>\n\n\n\n<h3 class=\"wp-block-heading\"><span class=\"has-inline-color has-black-color\">Vauban :<\/span><\/h3>\n\n\n\n<p><a href=\"https:\/\/conservativenthusiast.com\/en\/vauban-architecte-de-france\/\" target=\"_blank\" rel=\"noreferrer noopener\">Tout savoir sur Vauban<\/a><\/p>\n\n\n\n<h3 class=\"wp-block-heading\"><span class=\"has-inline-color has-black-color\">R\u00e9volution Fran\u00e7aise :<\/span><\/h3>\n\n\n\n<p><a href=\"https:\/\/fr.wikipedia.org\/wiki\/R%C3%A9volution_fran%C3%A7aise\" target=\"_blank\" rel=\"noreferrer noopener\">Les bases<\/a><\/p>\n\n\n\n<p><a href=\"https:\/\/www.geo.fr\/histoire\/quelles-sont-les-grandes-etapes-de-la-revolution-francaise-201404\" target=\"_blank\" rel=\"noreferrer noopener\">Les \u00e9tapes cl\u00e9s<\/a><\/p>\n\n\n\n<p><a href=\"https:\/\/www.herodote.net\/La_Revolution_francaise-synthese-66.php\" target=\"_blank\" rel=\"noreferrer noopener\">Les d\u00e9tails<\/a><\/p>\n\n\n\n<h3 class=\"wp-block-heading\"><span class=\"has-inline-color has-black-color\">G\u00e9nocide Vend\u00e9en :<\/span><\/h3>\n\n\n\n<p><a href=\"https:\/\/fr.wikipedia.org\/wiki\/Guerre_de_Vend%C3%A9e\" target=\"_blank\" rel=\"noreferrer noopener\">Les bases<\/a><\/p>\n\n\n\n<p><a href=\"https:\/\/fr.wikipedia.org\/wiki\/Le_G%C3%A9nocide_franco-fran%C3%A7ais\" target=\"_blank\" rel=\"noreferrer noopener\">Le G\u00e9nocide franco-fran\u00e7ais<\/a><\/p>\n\n\n\n<figure class=\"wp-block-embed is-type-rich is-provider-amazon wp-block-embed-amazon\"><div class=\"wp-block-embed__wrapper\">\n<span class=\"aXHRK60tmTqAO59IEMwuUn2zjvBfoWN8LxbeZGDSgyVshFcYk\"><iframe title=\"Le roman de Charette\" type=\"text\/html\" width=\"1080\" height=\"550\" frameborder=\"0\" allowfullscreen style=\"max-width:100%\" src=\"https:\/\/lire.amazon.fr\/kp\/card?preview=inline&#038;linkCode=kpd&#038;ref_=k4w_oembed_JaSKVMcbd0g0ii&#038;asin=2268101916&#038;tag=kpembed-20\"><\/iframe><\/span>\n<\/div><\/figure>\n\n\n\n<h3 class=\"wp-block-heading\"><span class=\"has-inline-color has-black-color\">La Terreur :<\/span><\/h3>\n\n\n\n<p><a href=\"https:\/\/fr.wikipedia.org\/wiki\/Terreur_(R%C3%A9volution_fran%C3%A7aise)#:~:text=La%20Terreur%20est%20le%20terme,le%20comit%C3%A9%20de%20s%C3%BBret%C3%A9%20g%C3%A9n%C3%A9rale.\" target=\"_blank\" rel=\"noreferrer noopener\">Les bases<\/a><\/p>\n\n\n\n<p><a href=\"https:\/\/www.linternaute.fr\/actualite\/guide-histoire\/2538054-la-terreur-resume-de-l-episode-sanglant-de-la-revolution\/\" target=\"_blank\" rel=\"noreferrer noopener\">Les grandes lignes<\/a><\/p>\n\n\n\n<figure class=\"wp-block-embed is-type-video is-provider-youtube wp-block-embed-youtube wp-embed-aspect-16-9 wp-has-aspect-ratio\"><div class=\"wp-block-embed__wrapper\">\n<span class=\"VLIcaRg9jz0h2Cxnmf9xOuERNqXtZ7YoioGGcDP6P5ltpwqhemMHnpyv835QWTsHzLMv3kAXVBd\"><div class=\"responsive-video\"><iframe title=\"Au c\u0153ur de l&#039;histoire: La Terreur, v\u00e9rit\u00e9s et l\u00e9gendes (Franck Ferrand)\" width=\"1080\" height=\"608\" src=\"https:\/\/www.youtube.com\/embed\/TTYDK5gpcPA?feature=oembed\"  allow=\"accelerometer; autoplay; clipboard-write; encrypted-media; gyroscope; picture-in-picture\" allowfullscreen><\/iframe><\/div><\/span>\n<\/div><\/figure>\n\n\n\n<p><\/p>\n\n\n\n<p><\/p>","protected":false},"featured_media":0,"template":"","yoast_head":"<!-- This site is optimized with the Yoast SEO plugin v22.3 - https:\/\/yoast.com\/wordpress\/plugins\/seo\/ -->\n<title>Sources - The Conservative Enthusiast<\/title>\n<meta name=\"description\" content=\"Toutes les sources pour aller plus loin dans vos recherches sur l&#039;Histoire de France.\" \/>\n<meta name=\"robots\" content=\"index, follow, max-snippet:-1, max-image-preview:large, max-video-preview:-1\" \/>\n<link rel=\"canonical\" href=\"https:\/\/conservativenthusiast.com\/en\/formations\/histoire-de-france-le-roman-national\/lessons\/sources-2\/\" \/>\n<meta property=\"og:locale\" content=\"en_GB\" \/>\n<meta property=\"og:type\" content=\"article\" \/>\n<meta property=\"og:title\" content=\"Sources - The Conservative Enthusiast\" \/>\n<meta property=\"og:description\" content=\"Toutes les sources pour aller plus loin dans vos recherches sur l&#039;Histoire de France.\" \/>\n<meta property=\"og:url\" content=\"https:\/\/conservativenthusiast.com\/en\/formations\/histoire-de-france-le-roman-national\/lessons\/sources-2\/\" \/>\n<meta property=\"og:site_name\" content=\"The Conservative Enthusiast\" \/>\n<meta property=\"article:modified_time\" content=\"2021-04-10T14:40:26+00:00\" \/>\n<meta name=\"twitter:card\" content=\"summary_large_image\" \/>\n<meta name=\"twitter:label1\" content=\"Estimated reading time\" \/>\n\t<meta name=\"twitter:data1\" content=\"3 minutes\" \/>\n<script type=\"application\/ld+json\" class=\"yoast-schema-graph\">{\"@context\":\"https:\/\/schema.org\",\"@graph\":[{\"@type\":\"WebPage\",\"@id\":\"https:\/\/conservativenthusiast.com\/formations\/histoire-de-france-le-roman-national\/lessons\/sources-2\/\",\"url\":\"https:\/\/conservativenthusiast.com\/formations\/histoire-de-france-le-roman-national\/lessons\/sources-2\/\",\"name\":\"Sources - The Conservative Enthusiast\",\"isPartOf\":{\"@id\":\"https:\/\/conservativenthusiast.com\/#website\"},\"datePublished\":\"2021-04-02T21:11:45+00:00\",\"dateModified\":\"2021-04-10T14:40:26+00:00\",\"description\":\"Toutes les sources pour aller plus loin dans vos recherches sur l'Histoire de France.\",\"breadcrumb\":{\"@id\":\"https:\/\/conservativenthusiast.com\/formations\/histoire-de-france-le-roman-national\/lessons\/sources-2\/#breadcrumb\"},\"inLanguage\":\"en-GB\",\"potentialAction\":[{\"@type\":\"ReadAction\",\"target\":[\"https:\/\/conservativenthusiast.com\/formations\/histoire-de-france-le-roman-national\/lessons\/sources-2\/\"]}]},{\"@type\":\"BreadcrumbList\",\"@id\":\"https:\/\/conservativenthusiast.com\/formations\/histoire-de-france-le-roman-national\/lessons\/sources-2\/#breadcrumb\",\"itemListElement\":[{\"@type\":\"ListItem\",\"position\":1,\"name\":\"Accueil\",\"item\":\"https:\/\/conservativenthusiast.com\/\"},{\"@type\":\"ListItem\",\"position\":2,\"name\":\"Sources\"}]},{\"@type\":\"WebSite\",\"@id\":\"https:\/\/conservativenthusiast.com\/#website\",\"url\":\"https:\/\/conservativenthusiast.com\/\",\"name\":\"The Conservative Enthusiast\",\"description\":\"La plateforme de r\u00e9information, de partage et d&#039;apprentissage des conservateurs.\",\"publisher\":{\"@id\":\"https:\/\/conservativenthusiast.com\/#organization\"},\"potentialAction\":[{\"@type\":\"SearchAction\",\"target\":{\"@type\":\"EntryPoint\",\"urlTemplate\":\"https:\/\/conservativenthusiast.com\/?s={search_term_string}\"},\"query-input\":\"required name=search_term_string\"}],\"inLanguage\":\"en-GB\"},{\"@type\":\"Organization\",\"@id\":\"https:\/\/conservativenthusiast.com\/#organization\",\"name\":\"The Conservative Enthusiast\",\"url\":\"https:\/\/conservativenthusiast.com\/\",\"logo\":{\"@type\":\"ImageObject\",\"inLanguage\":\"en-GB\",\"@id\":\"https:\/\/conservativenthusiast.com\/#\/schema\/logo\/image\/\",\"url\":\"https:\/\/i0.wp.com\/conservativeenthusiast.com\/wp-content\/uploads\/2020\/06\/LOGO-CE-MINI.png?fit=3867%2C1180&ssl=1\",\"contentUrl\":\"https:\/\/i0.wp.com\/conservativeenthusiast.com\/wp-content\/uploads\/2020\/06\/LOGO-CE-MINI.png?fit=3867%2C1180&ssl=1\",\"width\":3867,\"height\":1180,\"caption\":\"The Conservative Enthusiast\"},\"image\":{\"@id\":\"https:\/\/conservativenthusiast.com\/#\/schema\/logo\/image\/\"}}]}<\/script>\n<!-- \/ Yoast SEO plugin. -->","yoast_head_json":{"title":"Sources - The Conservative Enthusiast","description":"Toutes les sources pour aller plus loin dans vos recherches sur l'Histoire de France.","robots":{"index":"index","follow":"follow","max-snippet":"max-snippet:-1","max-image-preview":"max-image-preview:large","max-video-preview":"max-video-preview:-1"},"canonical":"https:\/\/conservativenthusiast.com\/en\/formations\/histoire-de-france-le-roman-national\/lessons\/sources-2\/","og_locale":"en_GB","og_type":"article","og_title":"Sources - The Conservative Enthusiast","og_description":"Toutes les sources pour aller plus loin dans vos recherches sur l'Histoire de France.","og_url":"https:\/\/conservativenthusiast.com\/en\/formations\/histoire-de-france-le-roman-national\/lessons\/sources-2\/","og_site_name":"The Conservative Enthusiast","article_modified_time":"2021-04-10T14:40:26+00:00","twitter_card":"summary_large_image","twitter_misc":{"Estimated reading time":"3 minutes"},"schema":{"@context":"https:\/\/schema.org","@graph":[{"@type":"WebPage","@id":"https:\/\/conservativenthusiast.com\/formations\/histoire-de-france-le-roman-national\/lessons\/sources-2\/","url":"https:\/\/conservativenthusiast.com\/formations\/histoire-de-france-le-roman-national\/lessons\/sources-2\/","name":"Sources - The Conservative Enthusiast","isPartOf":{"@id":"https:\/\/conservativenthusiast.com\/#website"},"datePublished":"2021-04-02T21:11:45+00:00","dateModified":"2021-04-10T14:40:26+00:00","description":"Toutes les sources pour aller plus loin dans vos recherches sur l'Histoire de France.","breadcrumb":{"@id":"https:\/\/conservativenthusiast.com\/formations\/histoire-de-france-le-roman-national\/lessons\/sources-2\/#breadcrumb"},"inLanguage":"en-GB","potentialAction":[{"@type":"ReadAction","target":["https:\/\/conservativenthusiast.com\/formations\/histoire-de-france-le-roman-national\/lessons\/sources-2\/"]}]},{"@type":"BreadcrumbList","@id":"https:\/\/conservativenthusiast.com\/formations\/histoire-de-france-le-roman-national\/lessons\/sources-2\/#breadcrumb","itemListElement":[{"@type":"ListItem","position":1,"name":"Accueil","item":"https:\/\/conservativenthusiast.com\/"},{"@type":"ListItem","position":2,"name":"Sources"}]},{"@type":"WebSite","@id":"https:\/\/conservativenthusiast.com\/#website","url":"https:\/\/conservativenthusiast.com\/","name":"The Conservative Enthusiast","description":"La plateforme de r\u00e9information, de partage et d&#039;apprentissage des conservateurs.","publisher":{"@id":"https:\/\/conservativenthusiast.com\/#organization"},"potentialAction":[{"@type":"SearchAction","target":{"@type":"EntryPoint","urlTemplate":"https:\/\/conservativenthusiast.com\/?s={search_term_string}"},"query-input":"required name=search_term_string"}],"inLanguage":"en-GB"},{"@type":"Organization","@id":"https:\/\/conservativenthusiast.com\/#organization","name":"The Conservative Enthusiast","url":"https:\/\/conservativenthusiast.com\/","logo":{"@type":"ImageObject","inLanguage":"en-GB","@id":"https:\/\/conservativenthusiast.com\/#\/schema\/logo\/image\/","url":"https:\/\/i0.wp.com\/conservativeenthusiast.com\/wp-content\/uploads\/2020\/06\/LOGO-CE-MINI.png?fit=3867%2C1180&ssl=1","contentUrl":"https:\/\/i0.wp.com\/conservativeenthusiast.com\/wp-content\/uploads\/2020\/06\/LOGO-CE-MINI.png?fit=3867%2C1180&ssl=1","width":3867,"height":1180,"caption":"The Conservative Enthusiast"},"image":{"@id":"https:\/\/conservativenthusiast.com\/#\/schema\/logo\/image\/"}}]}},"_links":{"self":[{"href":"https:\/\/conservativenthusiast.com\/en\/wp-json\/wp\/v2\/mpcs-lesson\/18849"}],"collection":[{"href":"https:\/\/conservativenthusiast.com\/en\/wp-json\/wp\/v2\/mpcs-lesson"}],"about":[{"href":"https:\/\/conservativenthusiast.com\/en\/wp-json\/wp\/v2\/types\/mpcs-lesson"}],"wp:attachment":[{"href":"https:\/\/conservativenthusiast.com\/en\/wp-json\/wp\/v2\/media?parent=18849"}],"curies":[{"name":"wp","href":"https:\/\/api.w.org\/{rel}","templated":true}]}}