{"id":11788,"date":"2021-02-02T20:58:11","date_gmt":"2021-02-02T19:58:11","guid":{"rendered":"https:\/\/conservativeenthusiast.com\/lessons\/sources\/"},"modified":"2021-08-18T13:58:07","modified_gmt":"2021-08-18T11:58:07","slug":"sources","status":"publish","type":"mpcs-lesson","link":"https:\/\/conservativenthusiast.com\/en\/formations\/comprendre-le-moyen-age\/lessons\/sources\/","title":{"rendered":"Sources"},"content":{"rendered":"<p><\/p>\n\n\n\n<h3 class=\"wp-block-heading\"><strong><span class=\"has-inline-color has-black-color\">Imaginaire M\u00e9di\u00e9val : <\/span><\/strong><\/h3>\n\n\n\n<p><a href=\"https:\/\/www.herodote.net\/XXe_XXIe_siecles_le_Moyen_Age_envahit_les_ecrans-synthese-2559-6.php\" target=\"_blank\" rel=\"noreferrer noopener\">https:\/\/www.herodote.net\/XXe_XXIe_siecles_le_Moyen_Age_envahit_les_ecrans-synthese-2559-6.php<\/a><\/p>\n\n\n\n<h3 class=\"wp-block-heading\"><strong><span class=\"has-inline-color has-black-color\">Comprendre le fief, le village m\u00e9di\u00e9val :<\/span><\/strong><\/h3>\n\n\n\n<p><a href=\"https:\/\/www.herodote.net\/Naissance_et_grandeur_du_village_medieval-synthese-1832.php\" target=\"_blank\" rel=\"noreferrer noopener\">https:\/\/www.herodote.net\/Naissance_et_grandeur_du_village_medieval-synthese-1832.php<\/a><\/p>\n\n\n\n<p><a href=\"https:\/\/www.persee.fr\/issue\/shmes_1261-9078_1992_act_21_1\" target=\"_blank\" rel=\"noreferrer noopener\">https:\/\/www.persee.fr\/issue\/shmes_1261-9078_1992_act_21_1<\/a><\/p>\n\n\n\n<h3 class=\"wp-block-heading\"><strong><span class=\"has-inline-color has-black-color\">Comprendre le syst\u00e8me de corporations :<\/span><\/strong><\/h3>\n\n\n\n<p><a href=\"https:\/\/fr.wikipedia.org\/wiki\/Corporation_sous_le_royaume_de_France\" target=\"_blank\" rel=\"noreferrer noopener\">https:\/\/fr.wikipedia.org\/wiki\/Corporation_sous_le_royaume_de_France<\/a><\/p>\n\n\n\n<p><a href=\"https:\/\/www.youtube.com\/watch?v=zV0-Q-QmX2ku0026ab_channel=SACRTV\">https:\/\/www.youtube.com\/watch?v=zV0-Q-QmX2ku0026ab_channel=SACRTV<\/a><\/p>\n\n\n\n<figure class=\"wp-block-embed is-type-wp-embed is-provider-editions-voxgallia wp-block-embed-editions-voxgallia\"><div class=\"wp-block-embed__wrapper\">\n<span class=\"zNrRZ4Dp6K3q6QcjwjFox1dDvBYwgtYSVOfdVEo7TP5XF8lkA0pC43JIUb0n7ey9kh\"><blockquote class=\"wp-embedded-content\" data-secret=\"WmDEAhxGrF\"><a href=\"https:\/\/editions-voxgallia.fr\/video-gallia\/les-corporation-de-metiers-au-moyen-age\/\">Les corporation de m\u00e9tiers au Moyen-\u00c2ge<\/a><\/blockquote><iframe class=\"wp-embedded-content\" sandbox=\"allow-scripts\" security=\"restricted\" style=\"position: absolute; clip: rect(1px, 1px, 1px, 1px);\" title=\"\u00ab\u00a0Les corporation de m\u00e9tiers au Moyen-\u00c2ge\u00a0\u00bb &#8212; \u00c9ditions VoxGallia\" src=\"https:\/\/editions-voxgallia.fr\/video-gallia\/les-corporation-de-metiers-au-moyen-age\/embed\/#?secret=WmDEAhxGrF\" data-secret=\"WmDEAhxGrF\" width=\"600\" height=\"338\" frameborder=\"0\" marginwidth=\"0\" marginheight=\"0\" scrolling=\"no\"><\/iframe><\/span>\n<\/div><\/figure>\n\n\n\n<p><\/p>\n\n\n\n<h3 class=\"wp-block-heading\"><strong><span class=\"has-inline-color has-black-color\">La d\u00e9mocratie et le vote au moyen \u00e2ge : <\/span><\/strong><\/h3>\n\n\n\n<p class=\"has-text-align-justify\"><a href=\"http:\/\/www.slate.fr\/story\/144739\/comment-votait-au-moyen-age\" target=\"_blank\" rel=\"noreferrer noopener\">http:\/\/www.slate.fr\/story\/144739\/comment-votait-au-moyen-age<\/a><\/p>\n\n\n\n<p class=\"has-text-align-justify\"><a href=\"https:\/\/www.nonfiction.fr\/article-6208-la_puissance_de_la_faiblesse__le_gouvernement_pastoral_au_moyen_age.htm\" target=\"_blank\" rel=\"noreferrer noopener\">https:\/\/www.nonfiction.fr\/article-6208-la_puissance_de_la_faiblesse__le_gouvernement_pastoral_au_moyen_age.htm<\/a><\/p>\n\n\n\n<h3 class=\"wp-block-heading\"><strong><span class=\"has-inline-color has-black-color\">La place de la noblesse : <\/span><\/strong><\/h3>\n\n\n\n<p><a href=\"http:\/\/planetejeanjaures.free.fr\/histoire\/moyen%20age\/societe_feodale_les_seigneurs.htm\" target=\"_blank\" rel=\"noreferrer noopener\">http:\/\/planetejeanjaures.free.fr\/histoire\/moyen%20age\/societe_feodale_les_seigneurs.htm<\/a><\/p>\n\n\n\n<h3 class=\"wp-block-heading\"><strong><span class=\"has-inline-color has-black-color\">L&#8217;armure au moyen \u00e2ge : <\/span><\/strong><\/h3>\n\n\n\n<p><a href=\"https:\/\/www.youtube.com\/watch?v=5hlIUrd7d1Qu0026ab_channel=FigaroLive\">https:\/\/www.youtube.com\/watch?v=5hlIUrd7d1Qu0026ab_channel=FigaroLive<\/a><\/p>\n\n\n\n<p><\/p>\n\n\n\n<h3 class=\"wp-block-heading\"><strong><span class=\"has-inline-color has-black-color\">Les jours f\u00e9ri\u00e9s au moyen \u00e2ge : <\/span><\/strong><\/h3>\n\n\n\n<p><a href=\"https:\/\/www.atlantico.fr\/decryptage\/2884125\/travailleurs-francais-aujourd-hui-ont-moins-de-vacances-qu-un-paysan-du-moyen-age-jawad-mejjad\" target=\"_blank\" rel=\"noreferrer noopener\">https:\/\/www.atlantico.fr\/decryptage\/2884125\/travailleurs-francais-aujourd-hui-ont-moins-de-vacances-qu-un-paysan-du-moyen-age-jawad-mejjad<\/a><\/p>\n\n\n\n<p><a href=\"http:\/\/jeanmarieborghino.fr\/3137-2\/\" target=\"_blank\" rel=\"noreferrer noopener\">Les jours f\u00e9ri\u00e9s par Jean Marie Borghino<\/a><\/p>\n\n\n\n<p><a href=\"https:\/\/www.france-pittoresque.com\/spip.php?article5829\" target=\"_blank\" rel=\"noreferrer noopener\">https:\/\/www.france-pittoresque.com\/spip.php?article5829<\/a><\/p>\n\n\n\n<figure class=\"wp-block-embed is-type-wp-embed is-provider-carnet-de-lassociation-francaise-dhistoire-religieuse-contemporaine wp-block-embed-carnet-de-lassociation-francaise-dhistoire-religieuse-contemporaine\"><div class=\"wp-block-embed__wrapper\">\n<span class=\"KQagzL0dMiXvh\"><blockquote class=\"wp-embedded-content\" data-secret=\"TTHu3hYxT0\"><a href=\"https:\/\/afhrc.hypotheses.org\/4641\">F\u00eates de pr\u00e9cepte et jours ch\u00f4m\u00e9s du Moyen \u00c2ge au XIXe si\u00e8cle<\/a><\/blockquote><iframe class=\"wp-embedded-content\" sandbox=\"allow-scripts\" security=\"restricted\" style=\"position: absolute; clip: rect(1px, 1px, 1px, 1px);\" title=\"\u00ab\u00a0F\u00eates de pr\u00e9cepte et jours ch\u00f4m\u00e9s du Moyen \u00c2ge au XIXe si\u00e8cle\u00a0\u00bb &#8212; Carnet de l\u2019Association fran\u00e7aise d\u2019histoire religieuse contemporaine\" src=\"https:\/\/afhrc.hypotheses.org\/4641\/embed#?secret=TTHu3hYxT0\" data-secret=\"TTHu3hYxT0\" width=\"600\" height=\"338\" frameborder=\"0\" marginwidth=\"0\" marginheight=\"0\" scrolling=\"no\"><\/iframe><\/span>\n<\/div><\/figure>\n\n\n\n<p><\/p>\n\n\n\n<h3 class=\"wp-block-heading\"><strong><span class=\"has-inline-color has-black-color\">Le n\u00e9o-f\u00e9odalisme : <\/span><\/strong><\/h3>\n\n\n\n<p><a href=\"https:\/\/www.actu-juridique.fr\/theorie-sociologie\/les-mutations-du-droit-sont-elles-le-vecteur-dun-neo-feodalisme\/\" target=\"_blank\" rel=\"noreferrer noopener\">https:\/\/www.actu-juridique.fr\/theorie-sociologie\/les-mutations-du-droit-sont-elles-le-vecteur-dun-neo-feodalisme\/<\/a><\/p>\n\n\n\n<p><a href=\"https:\/\/fr.wikipedia.org\/wiki\/N%C3%A9o-f%C3%A9odalit%C3%A9\" target=\"_blank\" rel=\"noreferrer noopener\">https:\/\/fr.wikipedia.org\/wiki\/N%C3%A9o-f%C3%A9odalit%C3%A9<\/a><\/p>\n\n\n\n<figure class=\"wp-block-embed is-type-wp-embed is-provider-le-courrier-des-ameriques wp-block-embed-le-courrier-des-ameriques\"><div class=\"wp-block-embed__wrapper\">\n<span class=\"Unlab9k68XMLmIVDxYg1GjcJlSs0NvD3QHnmHRTB352KWoaJ4UWTipBNF1Zqfwou7rRCyOyLY\"><blockquote class=\"wp-embedded-content\" data-secret=\"ZREEeDWvNA\"><a href=\"https:\/\/courrierdesameriques.com\/2020\/07\/27\/les-etats-unis-en-route-vers-le-feodalisme-cest-ce-quassure-le-geographe-joel-kotkin\/\">Les Etats-Unis en route vers le f\u00e9odalisme ? C&rsquo;est ce qu&rsquo;assure le g\u00e9ographe Joel Kotkin<\/a><\/blockquote><iframe class=\"wp-embedded-content\" sandbox=\"allow-scripts\" security=\"restricted\" style=\"position: absolute; clip: rect(1px, 1px, 1px, 1px);\" title=\"\u00ab\u00a0Les Etats-Unis en route vers le f\u00e9odalisme ? C&rsquo;est ce qu&rsquo;assure le g\u00e9ographe Joel Kotkin\u00a0\u00bb &#8212; Le Courrier des Am\u00e9riques\" src=\"https:\/\/courrierdesameriques.com\/2020\/07\/27\/les-etats-unis-en-route-vers-le-feodalisme-cest-ce-quassure-le-geographe-joel-kotkin\/embed\/#?secret=ZREEeDWvNA\" data-secret=\"ZREEeDWvNA\" width=\"600\" height=\"338\" frameborder=\"0\" marginwidth=\"0\" marginheight=\"0\" scrolling=\"no\"><\/iframe><\/span>\n<\/div><\/figure>\n\n\n\n<p><\/p>\n\n\n\n<h3 class=\"wp-block-heading\"><strong><span class=\"has-inline-color has-black-color\">D\u00e9couvrir l&#8217;univers de Tolkien pour mieux comprendre la symbolique de l&#8217;Europe m\u00e9di\u00e9vale : <\/span><\/strong><\/h3>\n\n\n\n<figure class=\"wp-block-embed is-type-wp-embed is-provider-institut-iliade wp-block-embed-institut-iliade\"><div class=\"wp-block-embed__wrapper\">\n<span class=\"xykvrHS8e0k0elwyDZ4O7CYbV2l8dsrBCJBbao1PxGoYjgDALf3MIn9aUqvjJNqFG9TEmuKSh5if2XsKWOi3Fm6\"><blockquote class=\"wp-embedded-content\" data-secret=\"pGCvQTC7JZ\"><a href=\"https:\/\/institut-iliade.com\/la-reecriture-des-mythes-europeens-dans-le-seigneur-des-anneaux-1\/\">La r\u00e9\u00e9criture des mythes europ\u00e9ens dans le Seigneur des Anneaux (1\/3)<\/a><\/blockquote><iframe class=\"wp-embedded-content\" sandbox=\"allow-scripts\" security=\"restricted\" style=\"position: absolute; clip: rect(1px, 1px, 1px, 1px);\" title=\"\u00ab\u00a0La r\u00e9\u00e9criture des mythes europ\u00e9ens dans le Seigneur des Anneaux (1\/3)\u00a0\u00bb &#8212; Institut Iliade\" src=\"https:\/\/institut-iliade.com\/la-reecriture-des-mythes-europeens-dans-le-seigneur-des-anneaux-1\/embed\/#?secret=pGCvQTC7JZ\" data-secret=\"pGCvQTC7JZ\" width=\"600\" height=\"338\" frameborder=\"0\" marginwidth=\"0\" marginheight=\"0\" scrolling=\"no\"><\/iframe><\/span>\n<\/div><\/figure>\n\n\n\n<p><\/p>\n\n\n\n<h3 class=\"wp-block-heading\"><strong><span class=\"has-inline-color has-black-color\">Les historiens : <\/span><\/strong><\/h3>\n\n\n\n<p><strong><em><a href=\"https:\/\/fr.wikipedia.org\/wiki\/Robert_Fossier\" target=\"_blank\" rel=\"noreferrer noopener\">Robert Fossier<\/a><\/em><\/strong><\/p>\n\n\n\n<p><strong><em><a href=\"https:\/\/fr.wikipedia.org\/wiki\/Jacques_Le_Goff\" target=\"_blank\" rel=\"noreferrer noopener\">Jacques Le Goff<\/a><\/em><\/strong><\/p>\n\n\n\n<h3 class=\"wp-block-heading\"><strong><span class=\"has-inline-color has-black-color\">Le livre recommand\u00e9 : <\/span><\/strong><\/h3>\n\n\n\n<figure class=\"wp-block-embed is-type-rich is-provider-amazon wp-block-embed-amazon\"><div class=\"wp-block-embed__wrapper\">\n<span class=\"RWHuZyfxb3FPmlYoarThg15O7LzNpKtn\"><iframe title=\"Economie m\u00e9di\u00e9vale et soci\u00e9t\u00e9 f\u00e9odale : Un temps de renouveau pour l&#039;Europe\" type=\"text\/html\" width=\"1080\" height=\"550\" frameborder=\"0\" allowfullscreen style=\"max-width:100%\" src=\"https:\/\/lire.amazon.fr\/kp\/card?preview=inline&#038;linkCode=kpd&#038;ref_=k4w_oembed_B2RwzGG6GDfvYH&#038;asin=2491446081&#038;tag=kpembed-20\"><\/iframe><\/span>\n<\/div><\/figure>","protected":false},"featured_media":0,"template":"","yoast_head":"<!-- This site is optimized with the Yoast SEO plugin v22.3 - https:\/\/yoast.com\/wordpress\/plugins\/seo\/ -->\n<title>Sources - The Conservative Enthusiast<\/title>\n<meta name=\"robots\" content=\"index, follow, max-snippet:-1, max-image-preview:large, max-video-preview:-1\" \/>\n<link rel=\"canonical\" href=\"https:\/\/conservativenthusiast.com\/en\/formations\/comprendre-le-moyen-age\/lessons\/sources\/\" \/>\n<meta property=\"og:locale\" content=\"en_GB\" \/>\n<meta property=\"og:type\" content=\"article\" \/>\n<meta property=\"og:title\" content=\"Sources - The Conservative Enthusiast\" \/>\n<meta property=\"og:description\" content=\"Imaginaire M\u00e9di\u00e9val : https:\/\/www.herodote.net\/XXe_XXIe_siecles_le_Moyen_Age_envahit_les_ecrans-synthese-2559-6.php Comprendre le fief, le village m\u00e9di\u00e9val : https:\/\/www.herodote.net\/Naissance_et_grandeur_du_village_medieval-synthese-1832.php https:\/\/www.persee.fr\/issue\/shmes_1261-9078_1992_act_21_1 Comprendre le syst\u00e8me de corporations : https:\/\/fr.wikipedia.org\/wiki\/Corporation_sous_le_royaume_de_France [&hellip;]\" \/>\n<meta property=\"og:url\" content=\"https:\/\/conservativenthusiast.com\/en\/formations\/comprendre-le-moyen-age\/lessons\/sources\/\" \/>\n<meta property=\"og:site_name\" content=\"The Conservative Enthusiast\" \/>\n<meta property=\"article:modified_time\" content=\"2021-08-18T11:58:07+00:00\" \/>\n<meta name=\"twitter:card\" content=\"summary_large_image\" \/>\n<meta name=\"twitter:label1\" content=\"Estimated reading time\" \/>\n\t<meta name=\"twitter:data1\" content=\"1 minute\" \/>\n<script type=\"application\/ld+json\" class=\"yoast-schema-graph\">{\"@context\":\"https:\/\/schema.org\",\"@graph\":[{\"@type\":\"WebPage\",\"@id\":\"https:\/\/conservativenthusiast.com\/formations\/comprendre-le-moyen-age\/lessons\/sources\/\",\"url\":\"https:\/\/conservativenthusiast.com\/formations\/comprendre-le-moyen-age\/lessons\/sources\/\",\"name\":\"Sources - The Conservative Enthusiast\",\"isPartOf\":{\"@id\":\"https:\/\/conservativenthusiast.com\/#website\"},\"datePublished\":\"2021-02-02T19:58:11+00:00\",\"dateModified\":\"2021-08-18T11:58:07+00:00\",\"breadcrumb\":{\"@id\":\"https:\/\/conservativenthusiast.com\/formations\/comprendre-le-moyen-age\/lessons\/sources\/#breadcrumb\"},\"inLanguage\":\"en-GB\",\"potentialAction\":[{\"@type\":\"ReadAction\",\"target\":[\"https:\/\/conservativenthusiast.com\/formations\/comprendre-le-moyen-age\/lessons\/sources\/\"]}]},{\"@type\":\"BreadcrumbList\",\"@id\":\"https:\/\/conservativenthusiast.com\/formations\/comprendre-le-moyen-age\/lessons\/sources\/#breadcrumb\",\"itemListElement\":[{\"@type\":\"ListItem\",\"position\":1,\"name\":\"Accueil\",\"item\":\"https:\/\/conservativenthusiast.com\/\"},{\"@type\":\"ListItem\",\"position\":2,\"name\":\"Sources\"}]},{\"@type\":\"WebSite\",\"@id\":\"https:\/\/conservativenthusiast.com\/#website\",\"url\":\"https:\/\/conservativenthusiast.com\/\",\"name\":\"The Conservative Enthusiast\",\"description\":\"La plateforme de r\u00e9information, de partage et d&#039;apprentissage des conservateurs.\",\"publisher\":{\"@id\":\"https:\/\/conservativenthusiast.com\/#organization\"},\"potentialAction\":[{\"@type\":\"SearchAction\",\"target\":{\"@type\":\"EntryPoint\",\"urlTemplate\":\"https:\/\/conservativenthusiast.com\/?s={search_term_string}\"},\"query-input\":\"required name=search_term_string\"}],\"inLanguage\":\"en-GB\"},{\"@type\":\"Organization\",\"@id\":\"https:\/\/conservativenthusiast.com\/#organization\",\"name\":\"The Conservative Enthusiast\",\"url\":\"https:\/\/conservativenthusiast.com\/\",\"logo\":{\"@type\":\"ImageObject\",\"inLanguage\":\"en-GB\",\"@id\":\"https:\/\/conservativenthusiast.com\/#\/schema\/logo\/image\/\",\"url\":\"https:\/\/i0.wp.com\/conservativeenthusiast.com\/wp-content\/uploads\/2020\/06\/LOGO-CE-MINI.png?fit=3867%2C1180&ssl=1\",\"contentUrl\":\"https:\/\/i0.wp.com\/conservativeenthusiast.com\/wp-content\/uploads\/2020\/06\/LOGO-CE-MINI.png?fit=3867%2C1180&ssl=1\",\"width\":3867,\"height\":1180,\"caption\":\"The Conservative Enthusiast\"},\"image\":{\"@id\":\"https:\/\/conservativenthusiast.com\/#\/schema\/logo\/image\/\"}}]}<\/script>\n<!-- \/ Yoast SEO plugin. -->","yoast_head_json":{"title":"Sources - The Conservative Enthusiast","robots":{"index":"index","follow":"follow","max-snippet":"max-snippet:-1","max-image-preview":"max-image-preview:large","max-video-preview":"max-video-preview:-1"},"canonical":"https:\/\/conservativenthusiast.com\/en\/formations\/comprendre-le-moyen-age\/lessons\/sources\/","og_locale":"en_GB","og_type":"article","og_title":"Sources - The Conservative Enthusiast","og_description":"Imaginaire M\u00e9di\u00e9val : https:\/\/www.herodote.net\/XXe_XXIe_siecles_le_Moyen_Age_envahit_les_ecrans-synthese-2559-6.php Comprendre le fief, le village m\u00e9di\u00e9val : https:\/\/www.herodote.net\/Naissance_et_grandeur_du_village_medieval-synthese-1832.php https:\/\/www.persee.fr\/issue\/shmes_1261-9078_1992_act_21_1 Comprendre le syst\u00e8me de corporations : https:\/\/fr.wikipedia.org\/wiki\/Corporation_sous_le_royaume_de_France [&hellip;]","og_url":"https:\/\/conservativenthusiast.com\/en\/formations\/comprendre-le-moyen-age\/lessons\/sources\/","og_site_name":"The Conservative Enthusiast","article_modified_time":"2021-08-18T11:58:07+00:00","twitter_card":"summary_large_image","twitter_misc":{"Estimated reading time":"1 minute"},"schema":{"@context":"https:\/\/schema.org","@graph":[{"@type":"WebPage","@id":"https:\/\/conservativenthusiast.com\/formations\/comprendre-le-moyen-age\/lessons\/sources\/","url":"https:\/\/conservativenthusiast.com\/formations\/comprendre-le-moyen-age\/lessons\/sources\/","name":"Sources - The Conservative Enthusiast","isPartOf":{"@id":"https:\/\/conservativenthusiast.com\/#website"},"datePublished":"2021-02-02T19:58:11+00:00","dateModified":"2021-08-18T11:58:07+00:00","breadcrumb":{"@id":"https:\/\/conservativenthusiast.com\/formations\/comprendre-le-moyen-age\/lessons\/sources\/#breadcrumb"},"inLanguage":"en-GB","potentialAction":[{"@type":"ReadAction","target":["https:\/\/conservativenthusiast.com\/formations\/comprendre-le-moyen-age\/lessons\/sources\/"]}]},{"@type":"BreadcrumbList","@id":"https:\/\/conservativenthusiast.com\/formations\/comprendre-le-moyen-age\/lessons\/sources\/#breadcrumb","itemListElement":[{"@type":"ListItem","position":1,"name":"Accueil","item":"https:\/\/conservativenthusiast.com\/"},{"@type":"ListItem","position":2,"name":"Sources"}]},{"@type":"WebSite","@id":"https:\/\/conservativenthusiast.com\/#website","url":"https:\/\/conservativenthusiast.com\/","name":"The Conservative Enthusiast","description":"La plateforme de r\u00e9information, de partage et d&#039;apprentissage des conservateurs.","publisher":{"@id":"https:\/\/conservativenthusiast.com\/#organization"},"potentialAction":[{"@type":"SearchAction","target":{"@type":"EntryPoint","urlTemplate":"https:\/\/conservativenthusiast.com\/?s={search_term_string}"},"query-input":"required name=search_term_string"}],"inLanguage":"en-GB"},{"@type":"Organization","@id":"https:\/\/conservativenthusiast.com\/#organization","name":"The Conservative Enthusiast","url":"https:\/\/conservativenthusiast.com\/","logo":{"@type":"ImageObject","inLanguage":"en-GB","@id":"https:\/\/conservativenthusiast.com\/#\/schema\/logo\/image\/","url":"https:\/\/i0.wp.com\/conservativeenthusiast.com\/wp-content\/uploads\/2020\/06\/LOGO-CE-MINI.png?fit=3867%2C1180&ssl=1","contentUrl":"https:\/\/i0.wp.com\/conservativeenthusiast.com\/wp-content\/uploads\/2020\/06\/LOGO-CE-MINI.png?fit=3867%2C1180&ssl=1","width":3867,"height":1180,"caption":"The Conservative Enthusiast"},"image":{"@id":"https:\/\/conservativenthusiast.com\/#\/schema\/logo\/image\/"}}]}},"_links":{"self":[{"href":"https:\/\/conservativenthusiast.com\/en\/wp-json\/wp\/v2\/mpcs-lesson\/11788"}],"collection":[{"href":"https:\/\/conservativenthusiast.com\/en\/wp-json\/wp\/v2\/mpcs-lesson"}],"about":[{"href":"https:\/\/conservativenthusiast.com\/en\/wp-json\/wp\/v2\/types\/mpcs-lesson"}],"wp:attachment":[{"href":"https:\/\/conservativenthusiast.com\/en\/wp-json\/wp\/v2\/media?parent=11788"}],"curies":[{"name":"wp","href":"https:\/\/api.w.org\/{rel}","templated":true}]}}